{"id":63,"date":"2022-05-11T19:30:03","date_gmt":"2022-05-11T19:30:03","guid":{"rendered":"https:\/\/perseverante.ch\/cms\/?page_id=63"},"modified":"2023-05-03T08:30:43","modified_gmt":"2023-05-03T08:30:43","slug":"historique","status":"publish","type":"page","link":"https:\/\/perseverante.ch\/cms\/historique\/","title":{"rendered":""},"content":{"rendered":"<div class=\"vce-row-container\" data-vce-boxed-width=\"true\"><div class=\"vce-row vce-row--col-gap-30 vce-row-equal-height vce-row-content--top\" id=\"el-430110bb\" data-vce-do-apply=\"all el-430110bb\"><div class=\"vce-content-background-container\"><\/div><div class=\"vce-row-content\" data-vce-element-content=\"true\"><div class=\"vce-col vce-col--md-auto vce-col--xs-1 vce-col--xs-last vce-col--xs-first vce-col--sm-last vce-col--sm-first vce-col--md-last vce-col--lg-last vce-col--xl-last vce-col--md-first vce-col--lg-first vce-col--xl-first\" id=\"el-4b4737bb\"><div class=\"vce-col-inner\" data-vce-do-apply=\"border margin background  el-4b4737bb\"><div class=\"vce-col-content\" data-vce-element-content=\"true\" data-vce-do-apply=\"padding el-4b4737bb\"><div class=\"vce-text-block\"><div class=\"vce-text-block-wrapper vce\" id=\"el-0f35f6ea\" data-vce-do-apply=\"all el-0f35f6ea\"><div id=\"comp-ko76ixuf\" class=\"_1Q9if\" data-testid=\"richTextElement\">\n<table style=\"font-weight: 400;\" width=\"935\">\n<tbody>\n<tr>\n<td width=\"832\">\n<p style=\"text-align: left;\"><span style=\"font-size: 12pt; color: #000000;\">L\u2019histoire de la Pers\u00e9v\u00e9rante est riche et unique.<\/span><\/p>\n<p style=\"text-align: left;\"><span style=\"font-size: 12pt; color: #000000;\">Elle nous renseigne sur les valeurs qui ont fait, qui font et qui feront les bases de cette fanfare atypique.<\/span><\/p>\n<p style=\"text-align: left;\"><span style=\"font-size: 12pt; color: #68001b;\"><strong>1910 \u2013 La fondation historique<\/strong><\/span><\/p>\n<p style=\"text-align: left;\"><span style=\"font-size: 12pt; color: #000000;\">Une trentaine de citoyens de Conthey, passionn\u00e9s de musique et de politique, fonde la Pers\u00e9v\u00e9rante.<\/span><\/p>\n<p style=\"text-align: left;\"><span style=\"font-size: 12pt; color: #68001b;\"><strong>Les ann\u00e9es 20 \u2013 Le premier festival, le drapeau et la vigne symbolique<\/strong><\/span><\/p>\n<p style=\"text-align: left;\"><span style=\"font-size: 12pt; color: #000000;\">11 ans apr\u00e8s sa cr\u00e9ation, la Pers\u00e9v\u00e9rante organise son premier festival et inaugure un premier drapeau. 6 ans plus tard, la Pers\u00e9v\u00e9rante fait l'acquisition d'une vigne au c\u0153ur de Conthey. Les musiciens se chargent alors des travaux y relatifs, ce qui intensifie leurs relations.<\/span><\/p>\n<p style=\"text-align: left;\"><span style=\"font-size: 12pt; color: #000000;\">Cette tradition est maintenue de nos jours.<\/span><\/p>\n<p style=\"line-height: inherit; text-align: left;\"><span style=\"font-size: 12pt; color: #68001b;\"><strong>Les ann\u00e9es 30 \u2013&nbsp;<\/strong><\/span><strong style=\"color: #68001b; font-size: 12pt; font-family: inherit;\">Le second \u00e9tendard<\/strong><\/p>\n<p style=\"text-align: left;\"><span style=\"font-size: 12pt; color: #000000;\">La Pers\u00e9v\u00e9rante poursuit son \u00e9volution sous la pr\u00e9sidence de M. Am\u00e9d\u00e9e Fumeaux, tout en se dotant d\u2019un deuxi\u00e8me \u00e9tendard.<\/span><\/p>\n<p style=\"text-align: left;\"><span style=\"font-size: 12pt;\"><strong><span style=\"color: #68001b;\">Les ann\u00e9es 40 \u2013 Le grand festival<\/span> <\/strong><\/span><\/p>\n<p style=\"text-align: left;\"><span style=\"font-size: 12pt; color: #000000;\">En 1949, la Pers\u00e9v\u00e9rante organise le 34<sup>\u00e8me<\/sup> Festival des Fanfares Conservatrices du Centre, avec la pr\u00e9sence de vingt fanfares de la F\u00e9d\u00e9ration.<\/span><\/p>\n<p style=\"text-align: left;\"><span style=\"font-size: 12pt; color: #68001b;\"><strong>Les ann\u00e9es 50 \u2013 Un troisi\u00e8me \u00e9tendard<\/strong><\/span><\/p>\n<p style=\"text-align: left;\"><span style=\"font-size: 12pt; color: #000000;\">La Pers\u00e9v\u00e9rante inaugure une troisi\u00e8me banni\u00e8re, cr\u00e9\u00e9e par M. Marius Zambaz et confectionn\u00e9e par les Bernardines de G\u00e9ronde.<\/span><\/p>\n<p style=\"text-align: left;\"><span style=\"font-size: 12pt;\"><strong><span style=\"color: #68001b;\">Les ann\u00e9es 60 \u2013 Un jubilaire en d\u00e9veloppement<\/span> <\/strong><\/span><\/p>\n<p style=\"text-align: left;\"><span style=\"font-size: 12pt; color: #000000;\">Fi\u00e8re de ses 50 ans d\u2019existence, la Pers\u00e9v\u00e9rante se pare de nouveaux costumes, identiques \u00e0 ceux de ses fanfare-s\u0153urs&nbsp;: l\u2019Edelweiss d'Erde-Premploz et l'Echo des Diablerets d'Aven.<\/span><\/p>\n<p style=\"text-align: left;\"><span style=\"font-size: 12pt; color: #000000;\">Elle f\u00eatera son demi-si\u00e8cle d\u2019existence, sous la double pr\u00e9sidence de MM. Paul Zambaz et Antoine Udry, en organisant le 54<sup>\u00e8me<\/sup> Festival des Fanfares Conservatrices Chr\u00e9tiennes Sociales du Centre.<\/span><\/p>\n<p style=\"text-align: left;\"><span style=\"font-size: 12pt; color: #68001b;\"><strong>Les ann\u00e9es 70 \u2013 La coh\u00e9sion locale<\/strong><\/span><\/p>\n<p style=\"text-align: left;\"><span style=\"font-size: 12pt; color: #000000;\">Les trois fanfares d\u00e9mocrates chr\u00e9tiennes de Conthey se coordonnent pour la cr\u00e9ation de leur nouvel uniforme, avec le fameux bicorne en guise de couvre-chefs.<\/span><\/p>\n<p style=\"text-align: left;\"><span style=\"font-size: 12pt; color: #68001b;\"><strong>Les ann\u00e9es 80 \u2013 L\u2019\u00e9volution et la confirmation<\/strong><\/span><\/p>\n<p style=\"text-align: left;\"><span style=\"font-size: 12pt; color: #000000;\">D\u00e9sireuse de confirmer son \u00e9lan, la Pers\u00e9v\u00e9rante inaugure son quatri\u00e8me \u00e9tendard, issu des talents de MM. Marius et Jos\u00e9 Zambaz.<\/span><\/p>\n<p style=\"text-align: left;\"><span style=\"font-size: 12pt; color: #000000;\">En 1986, \u00e0 l\u2019aube de son 75<sup>\u00e8me<\/sup> anniversaire, la Pers\u00e9v\u00e9rante vit un moment-cl\u00e9 avec l\u2019arriv\u00e9e de M. &nbsp;G\u00e9o-Pierre Moren \u00e0 sa direction. Sous son \u00e9gide, la Pers\u00e9v\u00e9rante aura la chance de composer avec de prestigieux solistes (reconnus &amp; attitr\u00e9s) tels que MM. Jean-Paul Duc, Jacques Ev\u00e9quoz, Pierre-Yves Ev\u00e9quoz, ou Bertrand Moren.<\/span><\/p>\n<p style=\"text-align: left;\"><span style=\"font-size: 12pt; color: #68001b;\"><strong>Les ann\u00e9es 90 \u2013 L\u2019installation, la cons\u00e9cration et l\u2019ind\u00e9pendance<\/strong><\/span><\/p>\n<p style=\"text-align: left;\"><span style=\"font-size: 12pt; color: #000000;\">Fin 1989, la Pers\u00e9v\u00e9rante s\u2019\u00e9tablit dans ses locaux, en dessous du Restaurant \u00ab Le Grand Bleu \u00bb \u00e0 Plan-Conthey.<\/span><\/p>\n<p style=\"text-align: left;\"><span style=\"font-size: 12pt; color: #000000;\">Apr\u00e8s avoir organis\u00e9 le 75<sup>\u00e8me<\/sup> Festival des Fanfares D\u00e9mocrates Chr\u00e9tiennes du Centre, la Pers\u00e9v\u00e9rante vit des ann\u00e9es <\/span><span style=\"font-size: 12pt; color: #000000;\">prestigieuses&nbsp;avec des titres acquis aux f\u00eates cantonales de Martigny (1990), de Vi\u00e8ge (1995) et \u00e0 la F\u00eate F\u00e9d\u00e9rale des Musiques d\u2019Interlaken (1996), ce qui lui vaudra le m\u00e9rite culturel de la commune en 1996.<\/span><\/p>\n<p style=\"text-align: left;\"><span style=\"font-size: 12pt; color: #000000;\">C\u2019est aussi durant cette p\u00e9riode que la Pers\u00e9v\u00e9rante inaugure son uniforme actuel.<\/span><span style=\"font-size: 12pt;\"><strong>&nbsp;<\/strong><\/span><\/p>\n<p style=\"text-align: left;\"><span style=\"font-size: 12pt; color: #68001b;\"><strong>Les ann\u00e9es 2000 \u2013 La suite<\/strong><\/span><\/p>\n<p style=\"text-align: left;\"><span style=\"font-size: 12pt; color: #000000;\">Les Amicales et les Festivals se succ\u00e8dent et la Pers\u00e9v\u00e9rante reste une r\u00e9f\u00e9rence cantonale et nationale.<\/span><\/p>\n<p style=\"text-align: left;\"><span style=\"font-size: 12pt; color: #000000;\">Deux titres cantonaux sont acquis, \u00e0 Savi\u00e8se en 2000 et \u00e0 Collombey-Muraz en 2005, mais aussi de belles places honorifiques aux f\u00eates f\u00e9d\u00e9rales de Fribourg en 2001 (2<sup>e<\/sup>) et de Lucerne en 2006 (5<sup>e<\/sup>).<\/span><\/p>\n<p style=\"text-align: left;\"><span style=\"font-size: 12pt; color: #68001b;\"><strong>Les ann\u00e9es 2010 \u2013 Le dernier festival et le tournant<\/strong><\/span><\/p>\n<p style=\"text-align: left;\"><span style=\"font-size: 12pt; color: #000000;\">Organisatrice du 96<sup>\u00e8me<\/sup> Festival des Fanfares D\u00e9mocrates Chr\u00e9tiennes du Centre en 2012 (le dernier Festival en date), la Pers\u00e9v\u00e9rante conna\u00eet un tournant - courant 2019 - avec le d\u00e9part de M. G\u00e9o-Pierre Moren apr\u00e8s 33 ans de direction aux succ\u00e8s av\u00e9r\u00e9s.<\/span><\/p>\n<p style=\"text-align: left;\"><span style=\"font-size: 12pt;\"><strong><span style=\"color: #68001b;\">Les ann\u00e9es 2020 \u2013 Et maintenant\u2026<\/span> <\/strong><\/span><\/p>\n<p style=\"text-align: left;\"><span style=\"font-size: 12pt; color: #000000;\">Les ann\u00e9es 2020 ouvrent une nouvelle \u00e8re pour la Pers\u00e9v\u00e9rante avec deux changements organisationnels majeurs.<\/span><\/p>\n<p style=\"text-align: left;\"><span style=\"font-size: 12pt; color: #000000;\">D\u2019un c\u00f4t\u00e9, la Pers\u00e9v\u00e9rante se dote d\u2019un nouveau directeur, en la personne de M. David Bonvin et de l\u2019autre, la pr\u00e9sidence est reprise par un jeune duo 100% f\u00e9minin avec Mmes Aline Gay-Verg\u00e8res &amp; Sarah Dischl.<\/span><\/p>\n<p style=\"text-align: left;\"><span style=\"font-size: 12pt; color: #000000;\">Ce trio ambitieux repr\u00e9sente l\u2019avenir de la Pers\u00e9v\u00e9rante et se r\u00e9jouit de concr\u00e9tiser ces id\u00e9es qui foisonnent.<\/span><\/p>\n<\/td>\n<\/tr>\n<\/tbody>\n<\/table>\n<p class=\"font_8\" style=\"text-align: left;\"><span class=\"wixGuard\" style=\"font-size: 12pt;\">\u200b<\/span><\/p>\n<\/div><\/div><\/div><\/div><\/div><\/div><\/div><\/div><\/div>\n","protected":false},"excerpt":{"rendered":"<p>L\u2019histoire de la Pers\u00e9v\u00e9rante est riche et unique. Elle nous renseigne sur les valeurs qui ont fait, qui font et qui feront les bases de cette fanfare atypique. 1910 \u2013 La fondation historique Une trentaine de citoyens de Conthey, passionn\u00e9s de musique et de politique, fonde la Pers\u00e9v\u00e9rante. Les ann\u00e9es 20 \u2013 Le premier festival, [&hellip;]<\/p>\n","protected":false},"author":1,"featured_media":0,"parent":0,"menu_order":2,"comment_status":"closed","ping_status":"closed","template":"","meta":{"footnotes":""},"class_list":["post-63","page","type-page","status-publish","hentry"],"_links":{"self":[{"href":"https:\/\/perseverante.ch\/cms\/wp-json\/wp\/v2\/pages\/63","targetHints":{"allow":["GET"]}}],"collection":[{"href":"https:\/\/perseverante.ch\/cms\/wp-json\/wp\/v2\/pages"}],"about":[{"href":"https:\/\/perseverante.ch\/cms\/wp-json\/wp\/v2\/types\/page"}],"author":[{"embeddable":true,"href":"https:\/\/perseverante.ch\/cms\/wp-json\/wp\/v2\/users\/1"}],"replies":[{"embeddable":true,"href":"https:\/\/perseverante.ch\/cms\/wp-json\/wp\/v2\/comments?post=63"}],"version-history":[{"count":0,"href":"https:\/\/perseverante.ch\/cms\/wp-json\/wp\/v2\/pages\/63\/revisions"}],"wp:attachment":[{"href":"https:\/\/perseverante.ch\/cms\/wp-json\/wp\/v2\/media?parent=63"}],"curies":[{"name":"wp","href":"https:\/\/api.w.org\/{rel}","templated":true}]}}